{"id":1183,"date":"2019-01-25T16:59:41","date_gmt":"2019-01-25T14:59:41","guid":{"rendered":"https:\/\/www.keradur.fi\/tjanster\/paivittaiskauppa\/"},"modified":"2019-04-17T12:35:08","modified_gmt":"2019-04-17T09:35:08","slug":"detaljhandeln","status":"publish","type":"page","link":"https:\/\/www.keradur.fi\/sv\/tjanster\/detaljhandeln\/","title":{"rendered":"Detaljhandeln"},"content":{"rendered":"","protected":false},"excerpt":{"rendered":"","protected":false},"author":1,"featured_media":0,"parent":1179,"menu_order":0,"comment_status":"closed","ping_status":"closed","template":"","meta":{"_acf_changed":false,"footnotes":""},"class_list":["post-1183","page","type-page","status-publish","hentry"],"acf":[],"yoast_head":"<!-- This site is optimized with the Yoast SEO Premium plugin v16.1 - https:\/\/yoast.com\/wordpress\/plugins\/seo\/ -->\n<title>St\u00e4dtj\u00e4nster f\u00f6r detaljhandeln | Keradur<\/title>\n<meta name=\"description\" content=\"Kunder vill handla sina mat- och dagligvaror i en aff\u00e4r som \u00e4r ren och fr\u00e4sch. Rena och snygga utrymmen \u00f6kar f\u00f6rs\u00e4ljningen och s\u00e4krar infl\u00f6det av kunder.\" \/>\n<link rel=\"canonical\" href=\"https:\/\/www.keradur.fi\/sv\/tjanster\/detaljhandeln\/\" \/>\n<meta property=\"og:locale\" content=\"sv_SE\" \/>\n<meta property=\"og:type\" content=\"article\" \/>\n<meta property=\"og:title\" content=\"St\u00e4dtj\u00e4nster f\u00f6r detaljhandeln | Keradur\" \/>\n<meta property=\"og:description\" content=\"Kunder vill handla sina mat- och dagligvaror i en aff\u00e4r som \u00e4r ren och fr\u00e4sch. Rena och snygga utrymmen \u00f6kar f\u00f6rs\u00e4ljningen och s\u00e4krar infl\u00f6det av kunder.\" \/>\n<meta property=\"og:url\" content=\"https:\/\/www.keradur.fi\/sv\/tjanster\/detaljhandeln\/\" \/>\n<meta property=\"og:site_name\" content=\"Keradur\" \/>\n<meta property=\"article:modified_time\" content=\"2019-04-17T09:35:08+00:00\" \/>\n<meta property=\"og:image\" content=\"https:\/\/www.keradur.fi\/app\/uploads\/2019\/02\/hero_prisma.jpg\" \/>\n\t<meta property=\"og:image:width\" content=\"2445\" \/>\n\t<meta property=\"og:image:height\" content=\"1499\" \/>\n<meta name=\"twitter:card\" content=\"summary_large_image\" \/>\n<script type=\"application\/ld+json\" class=\"yoast-schema-graph\">{\"@context\":\"https:\/\/schema.org\",\"@graph\":[{\"@type\":\"WebSite\",\"@id\":\"https:\/\/www.keradur.fi\/#website\",\"url\":\"https:\/\/www.keradur.fi\/\",\"name\":\"Keradur\",\"description\":\"Laadukasta siivouspalvelua vuodesta 1995\",\"potentialAction\":[{\"@type\":\"SearchAction\",\"target\":\"https:\/\/www.keradur.fi\/?s={search_term_string}\",\"query-input\":\"required name=search_term_string\"}],\"inLanguage\":\"sv-SE\"},{\"@type\":\"ImageObject\",\"@id\":\"https:\/\/www.keradur.fi\/sv\/tjanster\/detaljhandeln\/#primaryimage\",\"inLanguage\":\"sv-SE\",\"url\":\"https:\/\/www.keradur.fi\/app\/uploads\/2019\/02\/hero_prisma.jpg\",\"contentUrl\":\"https:\/\/www.keradur.fi\/app\/uploads\/2019\/02\/hero_prisma.jpg\",\"width\":2445,\"height\":1499},{\"@type\":\"WebPage\",\"@id\":\"https:\/\/www.keradur.fi\/sv\/tjanster\/detaljhandeln\/#webpage\",\"url\":\"https:\/\/www.keradur.fi\/sv\/tjanster\/detaljhandeln\/\",\"name\":\"St\\u00e4dtj\\u00e4nster f\\u00f6r detaljhandeln | Keradur\",\"isPartOf\":{\"@id\":\"https:\/\/www.keradur.fi\/#website\"},\"primaryImageOfPage\":{\"@id\":\"https:\/\/www.keradur.fi\/sv\/tjanster\/detaljhandeln\/#primaryimage\"},\"datePublished\":\"2019-01-25T14:59:41+00:00\",\"dateModified\":\"2019-04-17T09:35:08+00:00\",\"description\":\"Kunder vill handla sina mat- och dagligvaror i en aff\\u00e4r som \\u00e4r ren och fr\\u00e4sch. Rena och snygga utrymmen \\u00f6kar f\\u00f6rs\\u00e4ljningen och s\\u00e4krar infl\\u00f6det av kunder.\",\"breadcrumb\":{\"@id\":\"https:\/\/www.keradur.fi\/sv\/tjanster\/detaljhandeln\/#breadcrumb\"},\"inLanguage\":\"sv-SE\",\"potentialAction\":[{\"@type\":\"ReadAction\",\"target\":[\"https:\/\/www.keradur.fi\/sv\/tjanster\/detaljhandeln\/\"]}]},{\"@type\":\"BreadcrumbList\",\"@id\":\"https:\/\/www.keradur.fi\/sv\/tjanster\/detaljhandeln\/#breadcrumb\",\"itemListElement\":[{\"@type\":\"ListItem\",\"position\":1,\"item\":{\"@type\":\"WebPage\",\"@id\":\"https:\/\/www.keradur.fi\/sv\/\",\"url\":\"https:\/\/www.keradur.fi\/sv\/\",\"name\":\"Home\"}},{\"@type\":\"ListItem\",\"position\":2,\"item\":{\"@type\":\"WebPage\",\"@id\":\"https:\/\/www.keradur.fi\/sv\/tjanster\/\",\"url\":\"https:\/\/www.keradur.fi\/sv\/tjanster\/\",\"name\":\"Tj\\u00e4nster\"}},{\"@type\":\"ListItem\",\"position\":3,\"item\":{\"@type\":\"WebPage\",\"@id\":\"https:\/\/www.keradur.fi\/sv\/tjanster\/detaljhandeln\/\",\"url\":\"https:\/\/www.keradur.fi\/sv\/tjanster\/detaljhandeln\/\",\"name\":\"Detaljhandeln\"}}]}]}<\/script>\n<!-- \/ Yoast SEO Premium plugin. -->","_links":{"self":[{"href":"https:\/\/www.keradur.fi\/sv\/wp-json\/wp\/v2\/pages\/1183","targetHints":{"allow":["GET"]}}],"collection":[{"href":"https:\/\/www.keradur.fi\/sv\/wp-json\/wp\/v2\/pages"}],"about":[{"href":"https:\/\/www.keradur.fi\/sv\/wp-json\/wp\/v2\/types\/page"}],"author":[{"embeddable":true,"href":"https:\/\/www.keradur.fi\/sv\/wp-json\/wp\/v2\/users\/1"}],"replies":[{"embeddable":true,"href":"https:\/\/www.keradur.fi\/sv\/wp-json\/wp\/v2\/comments?post=1183"}],"version-history":[{"count":2,"href":"https:\/\/www.keradur.fi\/sv\/wp-json\/wp\/v2\/pages\/1183\/revisions"}],"predecessor-version":[{"id":1185,"href":"https:\/\/www.keradur.fi\/sv\/wp-json\/wp\/v2\/pages\/1183\/revisions\/1185"}],"up":[{"embeddable":true,"href":"https:\/\/www.keradur.fi\/sv\/wp-json\/wp\/v2\/pages\/1179"}],"wp:attachment":[{"href":"https:\/\/www.keradur.fi\/sv\/wp-json\/wp\/v2\/media?parent=1183"}],"curies":[{"name":"wp","href":"https:\/\/api.w.org\/{rel}","templated":true}]}}